{"id":28069,"date":"2019-05-29T14:05:21","date_gmt":"2019-05-29T14:05:21","guid":{"rendered":"https:\/\/www.marinpasalodos.com\/?page_id=28069"},"modified":"2019-05-29T14:05:45","modified_gmt":"2019-05-29T14:05:45","slug":"win-the-lawsuits-against-layoffs","status":"publish","type":"page","link":"https:\/\/www.marinpasalodos.com\/en\/legal-areas\/win-the-lawsuits-against-layoffs\/","title":{"rendered":"Win the lawsuits against layoffs"},"content":{"rendered":"<p>El despacho de abogados Marin&amp;Pasalodos S.L. es vuestra mejor opci\u00f3n para ganar las demandas contra los despidos que no respetan la legislaci\u00f3n vigente, contra los abusos de los empresarios que desean extinguir contratos de trabajo sin motivo alguno o sin abonar indemnizaciones.<\/p>\n<p>Somos el despacho que m\u00e1s causas ha ganado en los procedimientos de despido, un 98,9% de las demandas presentadas por nuestros letrados han acabado con \u00e9xito.<\/p>\n<p style=\"text-align: center;\"><strong>Llama al 932006766, solicita cita previa e inf\u00f3rmate sobre tus derechos<\/strong><\/p>\n<p>El despido es una sanci\u00f3n a trav\u00e9s de la cual un empleador da por finalizado unilateralmente un contrato laboral con su empleado.<\/p>\n<p><strong>EXISTEN 6 FORMAS DE DESPIDO:<\/strong><\/p>\n<p><strong>DESPIDO DISCIPLINARIO.<\/strong><\/p>\n<p><strong>DESPIDO PROCEDENTE<\/strong><\/p>\n<p><strong>DESPIDO IMPROCEDENTE<\/strong><\/p>\n<p><strong>DESPIDO NULO.<\/strong><\/p>\n<p><strong>DESPIDO OBJETIVO<\/strong><\/p>\n<p><strong>DESPIDO COLECTIVO<\/strong><\/p>\n<p>&nbsp;<\/p>\n<p><strong>DESPIDO DISCIPLINARIO<\/strong><\/p>\n<p>Gen\u00e9ricamente se entiende por despido disciplinario toda forma de extinci\u00f3n de la relaci\u00f3n laboral decidida unilateralmente por el empresario al amparo de una causa legal que el empresario ha de alegar y hallarse dispuesto a probar.<\/p>\n<p>CAUSAS DE DESPIDO DISCIPLINARIO<\/p>\n<p>Faltas de asistencia o puntualidad en el trabajo<\/p>\n<p>Indisciplina o desobediencia en el trabajo<\/p>\n<p>Ofensas verbales o f\u00edsicas<\/p>\n<p>Transgresi\u00f3n de la buena fe contractual.<\/p>\n<p>Disminuci\u00f3n del rendimiento.<\/p>\n<p>Embriaguez o toxicoman\u00eda.<\/p>\n<p>Acoso discriminatorio.<\/p>\n<p>Basta la existencia de alguna de las causas legales o convencionales para que el empleador pueda proceder al despido del trabajador. Si el empleador realiza un despido disciplinario y Usted no est\u00e1 de acuerdo con dicha medida LL\u00c1MANOS, pide cita previa e INFORMATE al n\u00famero de tel\u00e9fono 932006766 de las condiciones para poder demandar a la empresa y luchar por tus derechos.<\/p>\n<p>RECUERDA: el empresario\/la empresa DEBE acreditar las causas que alegan en la carta de despido.<\/p>\n<p>PLAZO PARA RECLAMAR CONTRA EL DESPIDO:<\/p>\n<p>El plazo para interponer demanda por despido es de 20 d\u00edas h\u00e1biles desde la fecha de efectos del despido. El c\u00f3mputo del plazo inicia el d\u00eda siguiente a aqu\u00e9l en el que el empresario decide prescindir del trabajador y se lo hace saber.<\/p>\n<p><strong>DESPIDO PROCEDENTE<\/strong><\/p>\n<p>El despido es PROCEDENTE cuando se acredita el incumplimiento alegado por el empresario en su escrito de comunicaci\u00f3n del despido. La declaraci\u00f3n de procedencia del despido puede ser realizada en la instancia por el Juzgado de lo social o en v\u00eda de recurso por las Salas de lo Social de Tribunal Superior de Justicia.<\/p>\n<p><strong>DESPIDO IMPROCEDENTE<\/strong><\/p>\n<p>La declaraci\u00f3n de improcedencia puede ser efectuada en instancia por el Juzgado Social que enjuicia el caso por primera vez, o por las Salas de lo Social del tribunal que se pronuncie sobre el asunto en v\u00eda de recurso.<\/p>\n<p>Se considera IMPROCEDENTE el DESPIDO cuando:<\/p>\n<p>No se acredita el incumplimiento alegado en la carta de despido o este carece de la gravedad suficiente para justificar la procedencia del despido.<\/p>\n<p>No se han cumplido las formalidades requeridas legal o convencionalmente, ejemplo: la falta de comunicaci\u00f3n escrita del despido.<\/p>\n<p>Se ha omitido el expediente contradictorio en el despido de un representante de los trabajadores o la audiencia a los delegados sindicales en el despido de un trabajador afiliado a un sindicado.<\/p>\n<p><strong>DESPIDO NULO<\/strong><\/p>\n<p>Es NULO el despido en los siguientes supuestos:<\/p>\n<p>DESPIDO que haya tenido por m\u00f3vil alguna de las causas de discriminaci\u00f3n prohibidas en la Constituci\u00f3n.<\/p>\n<p>DESPIDO en el que se violan derechos fundamentales y libertades p\u00fablicas del trabajador<\/p>\n<p>DESPIDO de trabajadores v\u00edctimas de la violencia de g\u00e9nero por el ejercicio de ciertos derechos legales.<\/p>\n<p>DESPIDO de trabajadoras embarazadas, desde la fecha de inicio del embarazo hasta el comienzo del periodo de suspensi\u00f3n por maternidad. Y despido de trabajadores durante el periodo de suspensi\u00f3n del contrato de trabajo por maternidad, riesgo durante el embarazo, riesgo durante la lactancia natural, enfermedades causadas por embarazo etc.<\/p>\n<p>DESPIDO de los trabajadores despu\u00e9s de haberse reintegrado al trabajo al finalizar los per\u00edodos de suspensi\u00f3n del contrato por maternidad, adopci\u00f3n, acogimiento o paternidad, siempre que no hubieran transcurrido m\u00e1s de 9 meses desde la fecha de nacimiento, adopci\u00f3n o acogimiento del hijo.<\/p>\n<p>&nbsp;<\/p>\n<p><strong>DESPIDO OBJETIVO<\/strong><\/p>\n<p>Las siguientes circunstancias objetivas, que afectan tanto al empresario como al trabajador, determinan, legalmente, la extinci\u00f3n de la relaci\u00f3n laboral<\/p>\n<p>Ineptitud del trabajador.<\/p>\n<p>Falta de adaptaci\u00f3n del trabajador a las modificaciones t\u00e9cnicas.<\/p>\n<p>Faltas de asistencias al trabajo.<\/p>\n<p>Causas econ\u00f3micas, t\u00e9cnicas, organizativas o de producci\u00f3n.<\/p>\n<p>Insuficiencia de consignaci\u00f3n presupuestaria.<\/p>\n<p>&nbsp;<\/p>\n<p><strong>DESPIDO COLECTIVO<\/strong><\/p>\n<p>El despido COLECTIVO es una modalidad de los denominados despidos econ\u00f3micos que son, en sentido amplio, las extinciones de los contratos de trabajo que responden a causas econom\u00edas, t\u00e9cnicas, organizativas y de producci\u00f3n.<\/p>\n<p>Se distinguen DOS supuestos:<\/p>\n<p>DESPIDO COLECTIVO de parte de la plantilla, esto es, con continuidad de la actividad empresarial.<\/p>\n<p>DESPIDO COLECTIVO de la totalidad de la plantilla, es decir, con cesaci\u00f3n total de la actividad empresarial.<\/p>\n<p style=\"text-align: center;\"><strong>Llama al 932006766, solicita cita previa e inf\u00f3rmate sobre tus derechos<\/strong><\/p>\n<p style=\"text-align: center;\"><strong>PRECIOS COMPETITIVOS<\/strong><\/p>\n<h2>Que opinan nuestros clientes sobre nuestros servicios<\/h2>\n<blockquote>\n<p style=\"text-align: justify;\">En nombre de mi padre y m\u00edo quedamos muy satisfechos con la primera visita que realizamos con vosotros, vimos una implicaci\u00f3n desde el primer momento, nos transmitisteis confianza y salimos de vuestro despacho llenos de esperanza, ya que es incomprensible que pase esto despu\u00e9s de trabajar una vida, y cumpliendo todos los requisitos, no es justo que le denegaran esta ayuda. Yo os estoy muy agradecida de que nos llev\u00e9is el caso y tengo plena confianza en vosotros y espero una resoluci\u00f3n justa ya que mi padre se lo merece. \u201c<br \/>\nGracias.<\/p>\n<\/blockquote>\n<p><em>Saludos,<\/em><br \/>\n<em> Sandra Due\u00f1as<\/em><\/p>\n<h2>El equipo de abogados de Barcelona Marin Pasalodos<\/h2>\n<p>[divider width=&#8221;full&#8221;]<\/p>\n<p>[row ]<\/p>\n<p>[col span=&#8221;1\/2&#8243; ]<br \/>\n[team_member name=&#8221;Tom\u00e1s Pasalodos&#8221; img=&#8221;https:\/\/www.marinpasalodos.com\/wp-content\/uploads\/2014\/07\/tomas-pasalodos.jpg&#8221;]<br \/>\nEspecialista en <a href=\"https:\/\/www.marinpasalodos.com\/en\/legal-areas\/specialized-attorneys-labour-law\/\">derecho laboral<\/a>, civil y contencioso administrativo. <a href=\"https:\/\/www.marinpasalodos.com\/en\/legal-team\/tomas-pasalodos-gibert\/\">Ver<\/a><br \/>\n[\/team_member]<\/p>\n<p>[\/col]<\/p>\n<p>[col span=&#8221;1\/2&#8243; ]<br \/>\n[team_member name=&#8221;Florentina Marin &#8221; img=&#8221;https:\/\/www.marinpasalodos.com\/wp-content\/uploads\/2014\/07\/florentina-marin.jpg&#8221;]<br \/>\nEspecialista en derecho laboral, derecho de familia, derecho mercantil y comercio internacional. <a href=\"https:\/\/www.marinpasalodos.com\/en\/legal-team\/florentina-marin-barcelona-lawyer\/\">Ver<\/a><br \/>\n[\/team_member]<br \/>\n[\/col]<\/p>\n<p>[col span=&#8221;1\/2&#8243; ]<br \/>\n[team_member name=&#8221;Nadia Godoy&#8221; img=&#8221;https:\/\/www.marinpasalodos.com\/wp-content\/uploads\/2014\/07\/nadia-godoy.jpg&#8221;]<br \/>\nEspecialista en penal, extranjer\u00eda y derecho internacional privado. <a href=\"https:\/\/www.marinpasalodos.com\/en\/legal-team\/nadia-godoy\/\">Ver<\/a><br \/>\n[\/team_member]<br \/>\n[\/col]<\/p>\n<p>[col span=&#8221;1\/2&#8243; ]<br \/>\n[team_member name=&#8221;Voloaga Radu&#8221; img=&#8221;https:\/\/www.marinpasalodos.com\/wp-content\/uploads\/2014\/07\/voloaga-radu.jpg&#8221;]<br \/>\nEspecialista en derecho laboral, civil y contencioso administrativo. <a href=\"https:\/\/www.marinpasalodos.com\/en\/legal-team\/radu-voloaga\/\">Ver<\/a>[\/team_member][\/col][\/row]<\/p>\n<h2>Contestamos a tus preguntas<\/h2>\n<p>Para m\u00e1s informaci\u00f3n no duden en ponerse en contacto con nuestros profesionales que son expertos en solicitar y conseguir la nacionalidad espa\u00f1ola a favor de los interesados.<\/p>\n<p>Llama ya al <a href=\"\/\">despacho de abogados<\/a> y solicita una cita:\u00a0<strong>932 006 766<\/strong> o cont\u00e1ctenos a <strong><a href=\"mailto:secretaria@marinpasalodos.com\">secretaria@marinpasalodos.com<\/a><\/strong><\/p>\n<p>Le atenderemos con profesionalismo.<\/p>\n<h2>Direcci\u00f3n de nuestro despacho\u00a0de abogados de Barcelona<\/h2>\n<p>Nuestro despacho est\u00e1 ubicado a Barcelona, en Rambla de Catalu\u00f1a, 14, 3-3, 08007.<br \/>\nNuestro horario de atenci\u00f3n es de lunes a viernes, de 9 a 14 y de 16 a 20.<\/p>\n<p><a title=\"Direcci\u00f3n de nuestro bufete de abogados de Barcelona\" href=\"https:\/\/www.google.es\/maps\/place\/MARIN+%26+PASALODOS+SL\/@41.387097,2.1682873,16z\/data=!4m5!3m4!1s0x12a4a2f3acffdae9:0x7616ca48e77aab66!8m2!3d41.3883035!4d2.1677237?hl=en\" target=\"_blank\" rel=\"noopener noreferrer\"><img decoding=\"async\" class=\"alignnone wp-image-27155\" src=\"https:\/\/www.marinpasalodos.com\/wp-content\/uploads\/2014\/06\/carta-gabinete-abogados-barcelona-300x157.jpg\" alt=\"mapa bufete abogados de Barcelona Marin Pasalodos\" width=\"448\" height=\"234\" srcset=\"https:\/\/www.marinpasalodos.com\/wp-content\/uploads\/2014\/06\/carta-gabinete-abogados-barcelona-300x157.jpg 300w, https:\/\/www.marinpasalodos.com\/wp-content\/uploads\/2014\/06\/carta-gabinete-abogados-barcelona-500x261.jpg 500w, https:\/\/www.marinpasalodos.com\/wp-content\/uploads\/2014\/06\/carta-gabinete-abogados-barcelona-700x366.jpg 700w, https:\/\/www.marinpasalodos.com\/wp-content\/uploads\/2014\/06\/carta-gabinete-abogados-barcelona.jpg 867w\" sizes=\"(max-width: 448px) 100vw, 448px\" \/><\/a><\/p>\n","protected":false},"excerpt":{"rendered":"<p>El despacho de abogados Marin&amp;Pasalodos S.L. es vuestra mejor opci\u00f3n para ganar las demandas contra los despidos que no respetan la legislaci\u00f3n vigente, contra los abusos de los empresarios que desean extinguir contratos de trabajo sin motivo alguno o sin abonar indemnizaciones. Somos el despacho que m\u00e1s causas ha ganado en los procedimientos de despido,  [&#8230;]<\/p>\n","protected":false},"author":3,"featured_media":0,"parent":27572,"menu_order":0,"comment_status":"open","ping_status":"open","template":"","meta":{"footnotes":""},"class_list":["post-28069","page","type-page","status-publish","hentry"],"yoast_head":"<!-- This site is optimized with the Yoast SEO plugin v27.4 - https:\/\/yoast.com\/product\/yoast-seo-wordpress\/ -->\n<title>Win the lawsuits against layoffs - Abogados Marin Pasalodos<\/title>\n<meta name=\"robots\" content=\"index, follow, max-snippet:-1, max-image-preview:large, max-video-preview:-1\" \/>\n<link rel=\"canonical\" href=\"https:\/\/www.marinpasalodos.com\/en\/legal-areas\/win-the-lawsuits-against-layoffs\/\" \/>\n<meta property=\"og:locale\" content=\"en_US\" \/>\n<meta property=\"og:type\" content=\"article\" \/>\n<meta property=\"og:title\" content=\"Win the lawsuits against layoffs - Abogados Marin Pasalodos\" \/>\n<meta property=\"og:description\" content=\"El despacho de abogados Marin&amp;Pasalodos S.L. es vuestra mejor opci\u00f3n para ganar las demandas contra los despidos que no respetan la legislaci\u00f3n vigente, contra los abusos de los empresarios que desean extinguir contratos de trabajo sin motivo alguno o sin abonar indemnizaciones. Somos el despacho que m\u00e1s causas ha ganado en los procedimientos de despido, [...]\" \/>\n<meta property=\"og:url\" content=\"https:\/\/www.marinpasalodos.com\/en\/legal-areas\/win-the-lawsuits-against-layoffs\/\" \/>\n<meta property=\"og:site_name\" content=\"Abogados Marin Pasalodos\" \/>\n<meta property=\"article:modified_time\" content=\"2019-05-29T14:05:45+00:00\" \/>\n<meta property=\"og:image\" content=\"https:\/\/www.marinpasalodos.com\/wp-content\/uploads\/2014\/06\/carta-gabinete-abogados-barcelona-300x157.jpg\" \/>\n<meta name=\"twitter:label1\" content=\"Est. reading time\" \/>\n\t<meta name=\"twitter:data1\" content=\"6 minutes\" \/>\n<script type=\"application\/ld+json\" class=\"yoast-schema-graph\">{\"@context\":\"https:\\\/\\\/schema.org\",\"@graph\":[{\"@type\":\"WebPage\",\"@id\":\"https:\\\/\\\/www.marinpasalodos.com\\\/en\\\/legal-areas\\\/win-the-lawsuits-against-layoffs\\\/\",\"url\":\"https:\\\/\\\/www.marinpasalodos.com\\\/en\\\/legal-areas\\\/win-the-lawsuits-against-layoffs\\\/\",\"name\":\"Win the lawsuits against layoffs - Abogados Marin Pasalodos\",\"isPartOf\":{\"@id\":\"https:\\\/\\\/www.marinpasalodos.com\\\/#website\"},\"primaryImageOfPage\":{\"@id\":\"https:\\\/\\\/www.marinpasalodos.com\\\/en\\\/legal-areas\\\/win-the-lawsuits-against-layoffs\\\/#primaryimage\"},\"image\":{\"@id\":\"https:\\\/\\\/www.marinpasalodos.com\\\/en\\\/legal-areas\\\/win-the-lawsuits-against-layoffs\\\/#primaryimage\"},\"thumbnailUrl\":\"https:\\\/\\\/www.marinpasalodos.com\\\/wp-content\\\/uploads\\\/2014\\\/06\\\/carta-gabinete-abogados-barcelona-300x157.jpg\",\"datePublished\":\"2019-05-29T14:05:21+00:00\",\"dateModified\":\"2019-05-29T14:05:45+00:00\",\"breadcrumb\":{\"@id\":\"https:\\\/\\\/www.marinpasalodos.com\\\/en\\\/legal-areas\\\/win-the-lawsuits-against-layoffs\\\/#breadcrumb\"},\"inLanguage\":\"en-US\",\"potentialAction\":[{\"@type\":\"ReadAction\",\"target\":[\"https:\\\/\\\/www.marinpasalodos.com\\\/en\\\/legal-areas\\\/win-the-lawsuits-against-layoffs\\\/\"]}]},{\"@type\":\"ImageObject\",\"inLanguage\":\"en-US\",\"@id\":\"https:\\\/\\\/www.marinpasalodos.com\\\/en\\\/legal-areas\\\/win-the-lawsuits-against-layoffs\\\/#primaryimage\",\"url\":\"https:\\\/\\\/www.marinpasalodos.com\\\/wp-content\\\/uploads\\\/2014\\\/06\\\/carta-gabinete-abogados-barcelona-300x157.jpg\",\"contentUrl\":\"https:\\\/\\\/www.marinpasalodos.com\\\/wp-content\\\/uploads\\\/2014\\\/06\\\/carta-gabinete-abogados-barcelona-300x157.jpg\"},{\"@type\":\"BreadcrumbList\",\"@id\":\"https:\\\/\\\/www.marinpasalodos.com\\\/en\\\/legal-areas\\\/win-the-lawsuits-against-layoffs\\\/#breadcrumb\",\"itemListElement\":[{\"@type\":\"ListItem\",\"position\":1,\"name\":\"Home\",\"item\":\"https:\\\/\\\/www.marinpasalodos.com\\\/en\\\/\"},{\"@type\":\"ListItem\",\"position\":2,\"name\":\"LEGAL AREAS\",\"item\":\"https:\\\/\\\/www.marinpasalodos.com\\\/en\\\/legal-areas\\\/\"},{\"@type\":\"ListItem\",\"position\":3,\"name\":\"Win the lawsuits against layoffs\"}]},{\"@type\":\"WebSite\",\"@id\":\"https:\\\/\\\/www.marinpasalodos.com\\\/#website\",\"url\":\"https:\\\/\\\/www.marinpasalodos.com\\\/\",\"name\":\"Abogados Marin Pasalodos\",\"description\":\"Bufete de abogados en Barcelona Marin\",\"potentialAction\":[{\"@type\":\"SearchAction\",\"target\":{\"@type\":\"EntryPoint\",\"urlTemplate\":\"https:\\\/\\\/www.marinpasalodos.com\\\/?s={search_term_string}\"},\"query-input\":{\"@type\":\"PropertyValueSpecification\",\"valueRequired\":true,\"valueName\":\"search_term_string\"}}],\"inLanguage\":\"en-US\"}]}<\/script>\n<!-- \/ Yoast SEO plugin. -->","yoast_head_json":{"title":"Win the lawsuits against layoffs - Abogados Marin Pasalodos","robots":{"index":"index","follow":"follow","max-snippet":"max-snippet:-1","max-image-preview":"max-image-preview:large","max-video-preview":"max-video-preview:-1"},"canonical":"https:\/\/www.marinpasalodos.com\/en\/legal-areas\/win-the-lawsuits-against-layoffs\/","og_locale":"en_US","og_type":"article","og_title":"Win the lawsuits against layoffs - Abogados Marin Pasalodos","og_description":"El despacho de abogados Marin&amp;Pasalodos S.L. es vuestra mejor opci\u00f3n para ganar las demandas contra los despidos que no respetan la legislaci\u00f3n vigente, contra los abusos de los empresarios que desean extinguir contratos de trabajo sin motivo alguno o sin abonar indemnizaciones. Somos el despacho que m\u00e1s causas ha ganado en los procedimientos de despido, [...]","og_url":"https:\/\/www.marinpasalodos.com\/en\/legal-areas\/win-the-lawsuits-against-layoffs\/","og_site_name":"Abogados Marin Pasalodos","article_modified_time":"2019-05-29T14:05:45+00:00","og_image":[{"url":"https:\/\/www.marinpasalodos.com\/wp-content\/uploads\/2014\/06\/carta-gabinete-abogados-barcelona-300x157.jpg","type":"","width":"","height":""}],"twitter_misc":{"Est. reading time":"6 minutes"},"schema":{"@context":"https:\/\/schema.org","@graph":[{"@type":"WebPage","@id":"https:\/\/www.marinpasalodos.com\/en\/legal-areas\/win-the-lawsuits-against-layoffs\/","url":"https:\/\/www.marinpasalodos.com\/en\/legal-areas\/win-the-lawsuits-against-layoffs\/","name":"Win the lawsuits against layoffs - Abogados Marin Pasalodos","isPartOf":{"@id":"https:\/\/www.marinpasalodos.com\/#website"},"primaryImageOfPage":{"@id":"https:\/\/www.marinpasalodos.com\/en\/legal-areas\/win-the-lawsuits-against-layoffs\/#primaryimage"},"image":{"@id":"https:\/\/www.marinpasalodos.com\/en\/legal-areas\/win-the-lawsuits-against-layoffs\/#primaryimage"},"thumbnailUrl":"https:\/\/www.marinpasalodos.com\/wp-content\/uploads\/2014\/06\/carta-gabinete-abogados-barcelona-300x157.jpg","datePublished":"2019-05-29T14:05:21+00:00","dateModified":"2019-05-29T14:05:45+00:00","breadcrumb":{"@id":"https:\/\/www.marinpasalodos.com\/en\/legal-areas\/win-the-lawsuits-against-layoffs\/#breadcrumb"},"inLanguage":"en-US","potentialAction":[{"@type":"ReadAction","target":["https:\/\/www.marinpasalodos.com\/en\/legal-areas\/win-the-lawsuits-against-layoffs\/"]}]},{"@type":"ImageObject","inLanguage":"en-US","@id":"https:\/\/www.marinpasalodos.com\/en\/legal-areas\/win-the-lawsuits-against-layoffs\/#primaryimage","url":"https:\/\/www.marinpasalodos.com\/wp-content\/uploads\/2014\/06\/carta-gabinete-abogados-barcelona-300x157.jpg","contentUrl":"https:\/\/www.marinpasalodos.com\/wp-content\/uploads\/2014\/06\/carta-gabinete-abogados-barcelona-300x157.jpg"},{"@type":"BreadcrumbList","@id":"https:\/\/www.marinpasalodos.com\/en\/legal-areas\/win-the-lawsuits-against-layoffs\/#breadcrumb","itemListElement":[{"@type":"ListItem","position":1,"name":"Home","item":"https:\/\/www.marinpasalodos.com\/en\/"},{"@type":"ListItem","position":2,"name":"LEGAL AREAS","item":"https:\/\/www.marinpasalodos.com\/en\/legal-areas\/"},{"@type":"ListItem","position":3,"name":"Win the lawsuits against layoffs"}]},{"@type":"WebSite","@id":"https:\/\/www.marinpasalodos.com\/#website","url":"https:\/\/www.marinpasalodos.com\/","name":"Abogados Marin Pasalodos","description":"Bufete de abogados en Barcelona Marin","potentialAction":[{"@type":"SearchAction","target":{"@type":"EntryPoint","urlTemplate":"https:\/\/www.marinpasalodos.com\/?s={search_term_string}"},"query-input":{"@type":"PropertyValueSpecification","valueRequired":true,"valueName":"search_term_string"}}],"inLanguage":"en-US"}]}},"_links":{"self":[{"href":"https:\/\/www.marinpasalodos.com\/en\/wp-json\/wp\/v2\/pages\/28069","targetHints":{"allow":["GET"]}}],"collection":[{"href":"https:\/\/www.marinpasalodos.com\/en\/wp-json\/wp\/v2\/pages"}],"about":[{"href":"https:\/\/www.marinpasalodos.com\/en\/wp-json\/wp\/v2\/types\/page"}],"author":[{"embeddable":true,"href":"https:\/\/www.marinpasalodos.com\/en\/wp-json\/wp\/v2\/users\/3"}],"replies":[{"embeddable":true,"href":"https:\/\/www.marinpasalodos.com\/en\/wp-json\/wp\/v2\/comments?post=28069"}],"version-history":[{"count":2,"href":"https:\/\/www.marinpasalodos.com\/en\/wp-json\/wp\/v2\/pages\/28069\/revisions"}],"predecessor-version":[{"id":28071,"href":"https:\/\/www.marinpasalodos.com\/en\/wp-json\/wp\/v2\/pages\/28069\/revisions\/28071"}],"up":[{"embeddable":true,"href":"https:\/\/www.marinpasalodos.com\/en\/wp-json\/wp\/v2\/pages\/27572"}],"wp:attachment":[{"href":"https:\/\/www.marinpasalodos.com\/en\/wp-json\/wp\/v2\/media?parent=28069"}],"curies":[{"name":"wp","href":"https:\/\/api.w.org\/{rel}","templated":true}]}}